{"id":19622,"date":"2020-06-17T15:22:23","date_gmt":"2020-06-17T13:22:23","guid":{"rendered":"http:\/\/maklaus.com\/fiere-ed-eventi\/"},"modified":"2025-05-23T14:54:22","modified_gmt":"2025-05-23T12:54:22","slug":"ferias-y-eventos","status":"publish","type":"page","link":"https:\/\/maklaus.com\/es\/ferias-y-eventos\/","title":{"rendered":"Ferias y eventos"},"content":{"rendered":"<div class=\"vgblk-rw-wrapper limit-wrapper\">\n\n\t\t\t\t\t\t\t<img decoding=\"async\" loading=\"lazy\" src=\"http:\/\/maklaus.com\/wp-content\/uploads\/2023\/03\/fiera-plast-milano.png\" alt=\"fiera-plast-milano\" itemprop=\"image\" height=\"380\" width=\"570\" title=\"fiera-plast-milano\" onerror=\"this.style.display='none'\"  sizes=\"auto, (max-width: 768px) 100vw, 100vw\" srcset=\"http:\/\/maklaus.com\/wp-content\/uploads\/2023\/03\/fiera-plast-milano.png 570w, http:\/\/maklaus.com\/wp-content\/uploads\/2023\/03\/fiera-plast-milano-300x200.png 300w, http:\/\/maklaus.com\/wp-content\/uploads\/2023\/03\/fiera-plast-milano-380x253.png 380w, http:\/\/maklaus.com\/wp-content\/uploads\/2023\/03\/fiera-plast-milano-285x190.png 285w\" \/>\t\t\t\t\t\t\t\n\t<h4><strong>PLAST 2023<\/strong><\/h4>\n<p>Maklaus invites you to discover latest news of punching units and rewinding machines at PLAST Milano<\/p>\n5-8 September, 2023<br \/>\nMilano, Italy\n<p>Hall 15 &#8211; Lane C\/D &#8211; Booth 101\/102!<\/p>\n<p><a href=\"https:\/\/www.plastonline.org\/\" target=\"_blank\" rel=\"noopener noreferrer\">plastonline.org<\/a><\/p>\n\t\t\t\t\t\t\t<img decoding=\"async\" loading=\"lazy\" src=\"http:\/\/maklaus.com\/wp-content\/uploads\/2022\/07\/k-2022-dusseldorf.png\" alt=\"k-2022-dusseldorf\" itemprop=\"image\" height=\"420\" width=\"630\" title=\"k-2022-dusseldorf\" onerror=\"this.style.display='none'\"  sizes=\"auto, (max-width: 768px) 100vw, 100vw\" srcset=\"http:\/\/maklaus.com\/wp-content\/uploads\/2022\/07\/k-2022-dusseldorf.png 630w, http:\/\/maklaus.com\/wp-content\/uploads\/2022\/07\/k-2022-dusseldorf-300x200.png 300w, http:\/\/maklaus.com\/wp-content\/uploads\/2022\/07\/k-2022-dusseldorf-570x380.png 570w, http:\/\/maklaus.com\/wp-content\/uploads\/2022\/07\/k-2022-dusseldorf-380x253.png 380w, http:\/\/maklaus.com\/wp-content\/uploads\/2022\/07\/k-2022-dusseldorf-285x190.png 285w\" \/>\t\t\t\t\t\t\t\n\t<h4><strong>K DUSSELDORF 2022<\/strong><\/h4>\n<p><strong>Maklaus<\/strong> is pleased to announce participation in <strong>K 2022<\/strong> in October in D\u00fcsseldorf.<\/p>\nOctober 19-26, 2022<br \/>\nD\u00fcsseldorf &#8211; Germany<br \/>\n\n<p>Visit us! Booth Hall 3 B50<\/p>\n<p><a href=\"https:\/\/www.k-online.com\/\">www.k-online.com<\/a><\/p>\n\t\t\t\t\t\t\t<img decoding=\"async\" loading=\"lazy\" src=\"http:\/\/maklaus.com\/wp-content\/uploads\/2021\/10\/1629746301042.jpeg\" alt=\"1629746301042\" itemprop=\"image\" height=\"1071\" width=\"2048\" title=\"1629746301042\" onerror=\"this.style.display='none'\"  sizes=\"auto, (max-width: 768px) 100vw, 100vw\" srcset=\"http:\/\/maklaus.com\/wp-content\/uploads\/2021\/10\/1629746301042.jpeg 2048w, http:\/\/maklaus.com\/wp-content\/uploads\/2021\/10\/1629746301042-300x157.jpeg 300w, http:\/\/maklaus.com\/wp-content\/uploads\/2021\/10\/1629746301042-1024x536.jpeg 1024w, http:\/\/maklaus.com\/wp-content\/uploads\/2021\/10\/1629746301042-768x402.jpeg 768w, http:\/\/maklaus.com\/wp-content\/uploads\/2021\/10\/1629746301042-1536x803.jpeg 1536w, http:\/\/maklaus.com\/wp-content\/uploads\/2021\/10\/1629746301042-1140x596.jpeg 1140w, http:\/\/maklaus.com\/wp-content\/uploads\/2021\/10\/1629746301042-570x298.jpeg 570w, http:\/\/maklaus.com\/wp-content\/uploads\/2021\/10\/1629746301042-380x199.jpeg 380w, http:\/\/maklaus.com\/wp-content\/uploads\/2021\/10\/1629746301042-760x397.jpeg 760w, http:\/\/maklaus.com\/wp-content\/uploads\/2021\/10\/1629746301042-285x149.jpeg 285w\" \/>\t\t\t\t\t\t\t\n\t<h4><strong>EQUIPLAST 2021<\/strong><\/h4>\n<strong>Maklaus<\/strong> se complace en anunciar su participaci\u00f3n en EQUIPLAST 2021 en septiembre en Barcelona.<br \/>\n14-15 Septiembre, 2020<br \/>\nBarcelona &#8211; Espa\u00f1a\n<p>Los esperamos!<\/p>\n<p><a href=\"http:\/\/www.equiplast.com\/it\/\">www.equiplast.com<\/a><\/p>\n\t\t\t\t\t\t\t<img decoding=\"async\" loading=\"lazy\" src=\"http:\/\/maklaus.com\/wp-content\/uploads\/2020\/06\/interplastica-russia-sm.jpg\" alt=\"interplastica-russia-sm\" itemprop=\"image\" height=\"420\" width=\"630\" title=\"interplastica-russia-sm\" onerror=\"this.style.display='none'\"  sizes=\"auto, (max-width: 768px) 100vw, 100vw\" srcset=\"http:\/\/maklaus.com\/wp-content\/uploads\/2020\/06\/interplastica-russia-sm.jpg 630w, http:\/\/maklaus.com\/wp-content\/uploads\/2020\/06\/interplastica-russia-sm-300x200.jpg 300w, http:\/\/maklaus.com\/wp-content\/uploads\/2020\/06\/interplastica-russia-sm-570x380.jpg 570w, http:\/\/maklaus.com\/wp-content\/uploads\/2020\/06\/interplastica-russia-sm-380x253.jpg 380w, http:\/\/maklaus.com\/wp-content\/uploads\/2020\/06\/interplastica-russia-sm-285x190.jpg 285w\" \/>\t\t\t\t\t\t\t\n\t<h4><strong>INTERPLASTICA 2020<\/strong><\/h4>\n<p><strong>Maklaus<\/strong> se complace en anunciar su participaci\u00f3n en INTERPLASTICA 2020 del 28 al 31 de enero de 2020 en Mosc\u00fa, Rusia.<\/p>\n<p>Le esperamos para descubrir nuestras \u00faltimas innovaciones en el mundo de la perforaci\u00f3n neum\u00e1tica y el l\u00e1ser 3D.<\/p>\n28-31 de enero de 2020<br \/>\nMosc\u00fa &#8211; Rusia\n<p><a href=\"https:\/\/www.interplastica.de\/\" target=\"_blank\" rel=\"noopener noreferrer\">www.interplastica.de<\/a><\/p>\n\t\t\t\t\t\t\t<img decoding=\"async\" loading=\"lazy\" src=\"http:\/\/maklaus.com\/wp-content\/uploads\/2020\/06\/k-2019-dusseldorf.jpg\" alt=\"k-2019-dusseldorf\" itemprop=\"image\" height=\"420\" width=\"630\" title=\"k-2019-dusseldorf\" onerror=\"this.style.display='none'\"  sizes=\"auto, (max-width: 768px) 100vw, 100vw\" srcset=\"http:\/\/maklaus.com\/wp-content\/uploads\/2020\/06\/k-2019-dusseldorf.jpg 630w, http:\/\/maklaus.com\/wp-content\/uploads\/2020\/06\/k-2019-dusseldorf-300x200.jpg 300w, http:\/\/maklaus.com\/wp-content\/uploads\/2020\/06\/k-2019-dusseldorf-570x380.jpg 570w, http:\/\/maklaus.com\/wp-content\/uploads\/2020\/06\/k-2019-dusseldorf-380x253.jpg 380w, http:\/\/maklaus.com\/wp-content\/uploads\/2020\/06\/k-2019-dusseldorf-285x190.jpg 285w\" \/>\t\t\t\t\t\t\t\n\t<h4><strong>K 2019<\/strong><\/h4>\n<strong>Maklaus<\/strong> te invita a descubrir las \u00faltimas novedades de las unidades de perforaci\u00f3n y rebobinado en el K 2019.<br \/>\nDel 16 al 23 de octubre de 2019<br \/>\nD\u00fcsseldorf &#8211; Alemania\n<p>\u00a1Vis\u00edtenos!\u00a0Stand Hall 3 B36<\/p>\n<p><a href=\"https:\/\/www.k-online.com\/\" target=\"_blank\" rel=\"noopener noreferrer\">www.k-online.com<\/a><\/p>\n\t\t\t\t\t\t\t<img decoding=\"async\" loading=\"lazy\" src=\"http:\/\/maklaus.com\/wp-content\/uploads\/2020\/01\/imagen-2019.jpg\" alt=\"imagen-2019\" itemprop=\"image\" height=\"800\" width=\"1200\" title=\"imagen-2019\" onerror=\"this.style.display='none'\"  sizes=\"auto, (max-width: 768px) 100vw, 100vw\" srcset=\"http:\/\/maklaus.com\/wp-content\/uploads\/2020\/01\/imagen-2019.jpg 1200w, http:\/\/maklaus.com\/wp-content\/uploads\/2020\/01\/imagen-2019-300x200.jpg 300w, http:\/\/maklaus.com\/wp-content\/uploads\/2020\/01\/imagen-2019-1024x683.jpg 1024w, http:\/\/maklaus.com\/wp-content\/uploads\/2020\/01\/imagen-2019-768x512.jpg 768w, http:\/\/maklaus.com\/wp-content\/uploads\/2020\/01\/imagen-2019-630x420.jpg 630w, http:\/\/maklaus.com\/wp-content\/uploads\/2020\/01\/imagen-2019-420x280.jpg 420w, http:\/\/maklaus.com\/wp-content\/uploads\/2020\/01\/imagen-2019-840x560.jpg 840w, http:\/\/maklaus.com\/wp-content\/uploads\/2020\/01\/imagen-2019-315x210.jpg 315w\" \/>\t\t\t\t\t\t\t\n\t<h4><strong>PLASTIMAGEN 2019<\/strong><\/h4>\n<strong>Maklaus<\/strong> invites you to discover latest news of punching units and rewinding machines\u00a0at PLASTIMAGEN Mexico.<br \/>\nApril 2-5, 2019<br \/>\nMexico City\u00a0&#8211; Mexico\n<p>Visit us!<\/p>\n<p><a href=\"https:\/\/www.plastimagen.com.mx\/\" target=\"_blank\" rel=\"noopener noreferrer\">www.plastimagen.com.mx<\/a><\/p>\n\t\t\t\t\t\t\t<img decoding=\"async\" loading=\"lazy\" src=\"http:\/\/maklaus.com\/wp-content\/uploads\/2020\/01\/plastico-brazil.jpg\" alt=\"plastico-brazil\" itemprop=\"image\" height=\"800\" width=\"1200\" title=\"plastico-brazil\" onerror=\"this.style.display='none'\"  sizes=\"auto, (max-width: 768px) 100vw, 100vw\" srcset=\"http:\/\/maklaus.com\/wp-content\/uploads\/2020\/01\/plastico-brazil.jpg 1200w, http:\/\/maklaus.com\/wp-content\/uploads\/2020\/01\/plastico-brazil-300x200.jpg 300w, http:\/\/maklaus.com\/wp-content\/uploads\/2020\/01\/plastico-brazil-1024x683.jpg 1024w, http:\/\/maklaus.com\/wp-content\/uploads\/2020\/01\/plastico-brazil-768x512.jpg 768w, http:\/\/maklaus.com\/wp-content\/uploads\/2020\/01\/plastico-brazil-630x420.jpg 630w, http:\/\/maklaus.com\/wp-content\/uploads\/2020\/01\/plastico-brazil-420x280.jpg 420w, http:\/\/maklaus.com\/wp-content\/uploads\/2020\/01\/plastico-brazil-840x560.jpg 840w, http:\/\/maklaus.com\/wp-content\/uploads\/2020\/01\/plastico-brazil-315x210.jpg 315w\" \/>\t\t\t\t\t\t\t\n\t<h4><strong>PLA&#8217;STICO BRASIL 2019<\/strong><\/h4>\n<strong>Maklaus<\/strong>\u00a0invites you to discover latest news of punching units and rewinding machines\u00a0at PLASTICO Brasil.<br \/>\nMarch\u00a025-29, 2019<br \/>\nSan Paolo\u00a0&#8211; Brasil\n<p>Visit us!<\/p>\n<p><a href=\"https:\/\/www.plasticobrasil.com.br\/\" target=\"_blank\" rel=\"noopener noreferrer\">www.plasticobrasil.com.br<\/a><\/p>\n\t\t\t\t\t\t\t<img decoding=\"async\" loading=\"lazy\" src=\"http:\/\/maklaus.com\/wp-content\/uploads\/2020\/01\/arabplast.jpg\" alt=\"arabplast\" itemprop=\"image\" height=\"800\" width=\"1200\" title=\"arabplast\" onerror=\"this.style.display='none'\"  sizes=\"auto, (max-width: 768px) 100vw, 100vw\" srcset=\"http:\/\/maklaus.com\/wp-content\/uploads\/2020\/01\/arabplast.jpg 1200w, http:\/\/maklaus.com\/wp-content\/uploads\/2020\/01\/arabplast-300x200.jpg 300w, http:\/\/maklaus.com\/wp-content\/uploads\/2020\/01\/arabplast-1024x683.jpg 1024w, http:\/\/maklaus.com\/wp-content\/uploads\/2020\/01\/arabplast-768x512.jpg 768w, http:\/\/maklaus.com\/wp-content\/uploads\/2020\/01\/arabplast-630x420.jpg 630w, http:\/\/maklaus.com\/wp-content\/uploads\/2020\/01\/arabplast-420x280.jpg 420w, http:\/\/maklaus.com\/wp-content\/uploads\/2020\/01\/arabplast-840x560.jpg 840w, http:\/\/maklaus.com\/wp-content\/uploads\/2020\/01\/arabplast-315x210.jpg 315w\" \/>\t\t\t\t\t\t\t\n\t<h4><strong>ARAB-PLAST 2019<\/strong><\/h4>\n<strong>Maklaus<\/strong> invites you to discover latest news of punching units and rewinding machines at ARAB-PLAST 2019.<br \/>\nJanuary 5-8, 2019<br \/>\nDUBAI &#8211; UAE\n<p>Visit us! Booth\u00a04D161<\/p>\n<p><a href=\"https:\/\/arabplast.info\/\" target=\"_blank\" rel=\"noopener noreferrer\">arabplast.info<\/a><\/p>\n\t\t\t\t\t\t\t<img decoding=\"async\" loading=\"lazy\" src=\"http:\/\/maklaus.com\/wp-content\/uploads\/2020\/01\/plexpo-india.jpg\" alt=\"plexpo-india\" itemprop=\"image\" height=\"800\" width=\"1200\" title=\"plexpo-india\" onerror=\"this.style.display='none'\"  sizes=\"auto, (max-width: 768px) 100vw, 100vw\" srcset=\"http:\/\/maklaus.com\/wp-content\/uploads\/2020\/01\/plexpo-india.jpg 1200w, http:\/\/maklaus.com\/wp-content\/uploads\/2020\/01\/plexpo-india-300x200.jpg 300w, http:\/\/maklaus.com\/wp-content\/uploads\/2020\/01\/plexpo-india-1024x683.jpg 1024w, http:\/\/maklaus.com\/wp-content\/uploads\/2020\/01\/plexpo-india-768x512.jpg 768w, http:\/\/maklaus.com\/wp-content\/uploads\/2020\/01\/plexpo-india-630x420.jpg 630w, http:\/\/maklaus.com\/wp-content\/uploads\/2020\/01\/plexpo-india-420x280.jpg 420w, http:\/\/maklaus.com\/wp-content\/uploads\/2020\/01\/plexpo-india-840x560.jpg 840w, http:\/\/maklaus.com\/wp-content\/uploads\/2020\/01\/plexpo-india-315x210.jpg 315w\" \/>\t\t\t\t\t\t\t\n\t<h4><strong>PLEXPO INDIA 2019<\/strong><\/h4>\n<strong>Maklaus<\/strong>\u00a0invites you to discover latest news of punching units and rewinding machines\u00a0at PLEXPO INDIA.<br \/>\nJanuary 17-20, 2019<br \/>\nMUMBAI\u00a0&#8211; India\n<p>Visit us! Booth 16G<\/p>\n<p><a href=\"https:\/\/www.plexpoindia.org\/\">www.plexpoindia.org<\/a><\/p>\n\t\t\t\t\t\t\t<img decoding=\"async\" loading=\"lazy\" src=\"http:\/\/maklaus.com\/wp-content\/uploads\/2020\/01\/pack-expo-chicago.jpg\" alt=\"pack-expo-chicago\" itemprop=\"image\" height=\"800\" width=\"1200\" title=\"pack-expo-chicago\" onerror=\"this.style.display='none'\"  sizes=\"auto, (max-width: 768px) 100vw, 100vw\" srcset=\"http:\/\/maklaus.com\/wp-content\/uploads\/2020\/01\/pack-expo-chicago.jpg 1200w, http:\/\/maklaus.com\/wp-content\/uploads\/2020\/01\/pack-expo-chicago-300x200.jpg 300w, http:\/\/maklaus.com\/wp-content\/uploads\/2020\/01\/pack-expo-chicago-1024x683.jpg 1024w, http:\/\/maklaus.com\/wp-content\/uploads\/2020\/01\/pack-expo-chicago-768x512.jpg 768w, http:\/\/maklaus.com\/wp-content\/uploads\/2020\/01\/pack-expo-chicago-630x420.jpg 630w, http:\/\/maklaus.com\/wp-content\/uploads\/2020\/01\/pack-expo-chicago-420x280.jpg 420w, http:\/\/maklaus.com\/wp-content\/uploads\/2020\/01\/pack-expo-chicago-840x560.jpg 840w, http:\/\/maklaus.com\/wp-content\/uploads\/2020\/01\/pack-expo-chicago-315x210.jpg 315w\" \/>\t\t\t\t\t\t\t\n\t<h4><strong>PACK EXPO 2018<\/strong><\/h4>\n<strong>Maklaus<\/strong> te invita a descubrir las \u00faltimas innovaciones en el mundo de la perforaci\u00f3n y rebobinado de PACK EXPO.<br \/>\nChicago, EE.UU. &#8211; Del 14 al 17 de octubre de 2018\n<p>\u00a1Te estamos esperando!\u00a0Lower Lakeside Center &#8211; Cabina E-9251<\/p>\n<p><a href=\"https:\/\/www.packexpointernational.com\/\">www.packexpointernational.com<\/a><\/p>\n\n<\/div><!-- .vgblk-rw-wrapper -->","protected":false},"excerpt":{"rendered":"<p>PLAST 2023 Maklaus invites you to discover latest news of punching units and rewinding machines at PLAST Milano 5-8 September, 2023 Milano, Italy Hall 15 &#8211; Lane C\/D &#8211; Booth 101\/102! plastonline.org K DUSSELDORF 2022 Maklaus is pleased to announce participation in K 2022 in October in D\u00fcsseldorf. October 19-26, 2022 D\u00fcsseldorf &#8211; Germany Visit&#8230;<\/p>\n","protected":false},"author":1,"featured_media":0,"parent":0,"menu_order":0,"comment_status":"closed","ping_status":"closed","template":"","meta":{"footnotes":"","_members_access_role":[],"_members_access_error":""},"class_list":["post-19622","page","type-page","status-publish","hentry"],"yoast_head":"<!-- This site is optimized with the Yoast SEO plugin v28.4 - https:\/\/yoast.com\/product\/yoast-seo-wordpress\/ -->\n<title>Ferias y Eventos: descubre los eventos programados | Maklaus<\/title>\n<meta name=\"description\" content=\"Descubra en qu\u00e9 ferias y eventos puede encontrarnos. Mant\u00e9ngase actualizado constantemente en la secci\u00f3n del sitio &quot;Ferias y Eventos&quot;\" \/>\n<meta name=\"robots\" content=\"index, follow, max-snippet:-1, max-image-preview:large, max-video-preview:-1\" \/>\n<link rel=\"canonical\" href=\"https:\/\/maklaus.com\/es\/ferias-y-eventos\/\" \/>\n<meta property=\"og:locale\" content=\"es_ES\" \/>\n<meta property=\"og:type\" content=\"article\" \/>\n<meta property=\"og:title\" content=\"Ferias y Eventos: descubre los eventos programados | Maklaus\" \/>\n<meta property=\"og:description\" content=\"Descubra en qu\u00e9 ferias y eventos puede encontrarnos. Mant\u00e9ngase actualizado constantemente en la secci\u00f3n del sitio &quot;Ferias y Eventos&quot;\" \/>\n<meta property=\"og:url\" content=\"https:\/\/maklaus.com\/es\/ferias-y-eventos\/\" \/>\n<meta property=\"og:site_name\" content=\"Maklaus\" \/>\n<meta property=\"article:modified_time\" content=\"2025-05-23T12:54:22+00:00\" \/>\n<meta property=\"og:image\" content=\"http:\/\/maklaus.com\/wp-content\/uploads\/2023\/03\/fiera-plast-milano.png\" \/>\n<meta name=\"twitter:card\" content=\"summary_large_image\" \/>\n<meta name=\"twitter:label1\" content=\"Tiempo de lectura\" \/>\n\t<meta name=\"twitter:data1\" content=\"4 minutos\" \/>\n<script type=\"application\/ld+json\" class=\"yoast-schema-graph\">{\"@context\":\"https:\\\/\\\/schema.org\",\"@graph\":[{\"@type\":\"WebPage\",\"@id\":\"https:\\\/\\\/maklaus.com\\\/es\\\/ferias-y-eventos\\\/\",\"url\":\"https:\\\/\\\/maklaus.com\\\/es\\\/ferias-y-eventos\\\/\",\"name\":\"Ferias y Eventos: descubre los eventos programados | Maklaus\",\"isPartOf\":{\"@id\":\"https:\\\/\\\/maklaus.com\\\/es\\\/#website\"},\"primaryImageOfPage\":{\"@id\":\"https:\\\/\\\/maklaus.com\\\/es\\\/ferias-y-eventos\\\/#primaryimage\"},\"image\":{\"@id\":\"https:\\\/\\\/maklaus.com\\\/es\\\/ferias-y-eventos\\\/#primaryimage\"},\"thumbnailUrl\":\"http:\\\/\\\/maklaus.com\\\/wp-content\\\/uploads\\\/2023\\\/03\\\/fiera-plast-milano.png\",\"datePublished\":\"2020-06-17T13:22:23+00:00\",\"dateModified\":\"2025-05-23T12:54:22+00:00\",\"description\":\"Descubra en qu\u00e9 ferias y eventos puede encontrarnos. Mant\u00e9ngase actualizado constantemente en la secci\u00f3n del sitio \\\"Ferias y Eventos\\\"\",\"breadcrumb\":{\"@id\":\"https:\\\/\\\/maklaus.com\\\/es\\\/ferias-y-eventos\\\/#breadcrumb\"},\"inLanguage\":\"es\",\"potentialAction\":[{\"@type\":\"ReadAction\",\"target\":[\"https:\\\/\\\/maklaus.com\\\/es\\\/ferias-y-eventos\\\/\"]}]},{\"@type\":\"ImageObject\",\"inLanguage\":\"es\",\"@id\":\"https:\\\/\\\/maklaus.com\\\/es\\\/ferias-y-eventos\\\/#primaryimage\",\"url\":\"http:\\\/\\\/maklaus.com\\\/wp-content\\\/uploads\\\/2023\\\/03\\\/fiera-plast-milano.png\",\"contentUrl\":\"http:\\\/\\\/maklaus.com\\\/wp-content\\\/uploads\\\/2023\\\/03\\\/fiera-plast-milano.png\"},{\"@type\":\"BreadcrumbList\",\"@id\":\"https:\\\/\\\/maklaus.com\\\/es\\\/ferias-y-eventos\\\/#breadcrumb\",\"itemListElement\":[{\"@type\":\"ListItem\",\"position\":1,\"name\":\"Home\",\"item\":\"https:\\\/\\\/maklaus.com\\\/es\\\/\"},{\"@type\":\"ListItem\",\"position\":2,\"name\":\"Ferias y eventos\"}]},{\"@type\":\"WebSite\",\"@id\":\"https:\\\/\\\/maklaus.com\\\/es\\\/#website\",\"url\":\"https:\\\/\\\/maklaus.com\\\/es\\\/\",\"name\":\"Maklaus\",\"description\":\"\",\"publisher\":{\"@id\":\"https:\\\/\\\/maklaus.com\\\/es\\\/#organization\"},\"potentialAction\":[{\"@type\":\"SearchAction\",\"target\":{\"@type\":\"EntryPoint\",\"urlTemplate\":\"https:\\\/\\\/maklaus.com\\\/es\\\/?s={search_term_string}\"},\"query-input\":{\"@type\":\"PropertyValueSpecification\",\"valueRequired\":true,\"valueName\":\"search_term_string\"}}],\"inLanguage\":\"es\"},{\"@type\":\"Organization\",\"@id\":\"https:\\\/\\\/maklaus.com\\\/es\\\/#organization\",\"name\":\"Maklaus\",\"url\":\"https:\\\/\\\/maklaus.com\\\/es\\\/\",\"logo\":{\"@type\":\"ImageObject\",\"inLanguage\":\"es\",\"@id\":\"https:\\\/\\\/maklaus.com\\\/es\\\/#\\\/schema\\\/logo\\\/image\\\/\",\"url\":\"https:\\\/\\\/maklaus.com\\\/wp-content\\\/uploads\\\/2025\\\/10\\\/cropped-LOGO-MAKLAUS-WEB.png\",\"contentUrl\":\"https:\\\/\\\/maklaus.com\\\/wp-content\\\/uploads\\\/2025\\\/10\\\/cropped-LOGO-MAKLAUS-WEB.png\",\"width\":880,\"height\":173,\"caption\":\"Maklaus\"},\"image\":{\"@id\":\"https:\\\/\\\/maklaus.com\\\/es\\\/#\\\/schema\\\/logo\\\/image\\\/\"}}]}<\/script>\n<!-- \/ Yoast SEO plugin. -->","yoast_head_json":{"title":"Ferias y Eventos: descubre los eventos programados | Maklaus","description":"Descubra en qu\u00e9 ferias y eventos puede encontrarnos. Mant\u00e9ngase actualizado constantemente en la secci\u00f3n del sitio \"Ferias y Eventos\"","robots":{"index":"index","follow":"follow","max-snippet":"max-snippet:-1","max-image-preview":"max-image-preview:large","max-video-preview":"max-video-preview:-1"},"canonical":"https:\/\/maklaus.com\/es\/ferias-y-eventos\/","og_locale":"es_ES","og_type":"article","og_title":"Ferias y Eventos: descubre los eventos programados | Maklaus","og_description":"Descubra en qu\u00e9 ferias y eventos puede encontrarnos. Mant\u00e9ngase actualizado constantemente en la secci\u00f3n del sitio \"Ferias y Eventos\"","og_url":"https:\/\/maklaus.com\/es\/ferias-y-eventos\/","og_site_name":"Maklaus","article_modified_time":"2025-05-23T12:54:22+00:00","og_image":[{"url":"http:\/\/maklaus.com\/wp-content\/uploads\/2023\/03\/fiera-plast-milano.png","type":"","width":"","height":""}],"twitter_card":"summary_large_image","twitter_misc":{"Tiempo de lectura":"4 minutos"},"schema":{"@context":"https:\/\/schema.org","@graph":[{"@type":"WebPage","@id":"https:\/\/maklaus.com\/es\/ferias-y-eventos\/","url":"https:\/\/maklaus.com\/es\/ferias-y-eventos\/","name":"Ferias y Eventos: descubre los eventos programados | Maklaus","isPartOf":{"@id":"https:\/\/maklaus.com\/es\/#website"},"primaryImageOfPage":{"@id":"https:\/\/maklaus.com\/es\/ferias-y-eventos\/#primaryimage"},"image":{"@id":"https:\/\/maklaus.com\/es\/ferias-y-eventos\/#primaryimage"},"thumbnailUrl":"http:\/\/maklaus.com\/wp-content\/uploads\/2023\/03\/fiera-plast-milano.png","datePublished":"2020-06-17T13:22:23+00:00","dateModified":"2025-05-23T12:54:22+00:00","description":"Descubra en qu\u00e9 ferias y eventos puede encontrarnos. Mant\u00e9ngase actualizado constantemente en la secci\u00f3n del sitio \"Ferias y Eventos\"","breadcrumb":{"@id":"https:\/\/maklaus.com\/es\/ferias-y-eventos\/#breadcrumb"},"inLanguage":"es","potentialAction":[{"@type":"ReadAction","target":["https:\/\/maklaus.com\/es\/ferias-y-eventos\/"]}]},{"@type":"ImageObject","inLanguage":"es","@id":"https:\/\/maklaus.com\/es\/ferias-y-eventos\/#primaryimage","url":"http:\/\/maklaus.com\/wp-content\/uploads\/2023\/03\/fiera-plast-milano.png","contentUrl":"http:\/\/maklaus.com\/wp-content\/uploads\/2023\/03\/fiera-plast-milano.png"},{"@type":"BreadcrumbList","@id":"https:\/\/maklaus.com\/es\/ferias-y-eventos\/#breadcrumb","itemListElement":[{"@type":"ListItem","position":1,"name":"Home","item":"https:\/\/maklaus.com\/es\/"},{"@type":"ListItem","position":2,"name":"Ferias y eventos"}]},{"@type":"WebSite","@id":"https:\/\/maklaus.com\/es\/#website","url":"https:\/\/maklaus.com\/es\/","name":"Maklaus","description":"","publisher":{"@id":"https:\/\/maklaus.com\/es\/#organization"},"potentialAction":[{"@type":"SearchAction","target":{"@type":"EntryPoint","urlTemplate":"https:\/\/maklaus.com\/es\/?s={search_term_string}"},"query-input":{"@type":"PropertyValueSpecification","valueRequired":true,"valueName":"search_term_string"}}],"inLanguage":"es"},{"@type":"Organization","@id":"https:\/\/maklaus.com\/es\/#organization","name":"Maklaus","url":"https:\/\/maklaus.com\/es\/","logo":{"@type":"ImageObject","inLanguage":"es","@id":"https:\/\/maklaus.com\/es\/#\/schema\/logo\/image\/","url":"https:\/\/maklaus.com\/wp-content\/uploads\/2025\/10\/cropped-LOGO-MAKLAUS-WEB.png","contentUrl":"https:\/\/maklaus.com\/wp-content\/uploads\/2025\/10\/cropped-LOGO-MAKLAUS-WEB.png","width":880,"height":173,"caption":"Maklaus"},"image":{"@id":"https:\/\/maklaus.com\/es\/#\/schema\/logo\/image\/"}}]}},"_links":{"self":[{"href":"https:\/\/maklaus.com\/es\/wp-json\/wp\/v2\/pages\/19622","targetHints":{"allow":["GET"]}}],"collection":[{"href":"https:\/\/maklaus.com\/es\/wp-json\/wp\/v2\/pages"}],"about":[{"href":"https:\/\/maklaus.com\/es\/wp-json\/wp\/v2\/types\/page"}],"author":[{"embeddable":true,"href":"https:\/\/maklaus.com\/es\/wp-json\/wp\/v2\/users\/1"}],"replies":[{"embeddable":true,"href":"https:\/\/maklaus.com\/es\/wp-json\/wp\/v2\/comments?post=19622"}],"version-history":[{"count":9,"href":"https:\/\/maklaus.com\/es\/wp-json\/wp\/v2\/pages\/19622\/revisions"}],"predecessor-version":[{"id":23576,"href":"https:\/\/maklaus.com\/es\/wp-json\/wp\/v2\/pages\/19622\/revisions\/23576"}],"wp:attachment":[{"href":"https:\/\/maklaus.com\/es\/wp-json\/wp\/v2\/media?parent=19622"}],"curies":[{"name":"wp","href":"https:\/\/api.w.org\/{rel}","templated":true}]}}